{"id":7480,"date":"2024-08-26T13:58:52","date_gmt":"2024-08-26T13:58:52","guid":{"rendered":"https:\/\/alfaloc.pt\/?page_id=7480"},"modified":"2025-02-27T09:54:31","modified_gmt":"2025-02-27T09:54:31","slug":"condicoes-de-servico-nacional","status":"publish","type":"page","link":"https:\/\/alfaloc.fr\/pt-pt\/condicoes-de-servico-nacional\/","title":{"rendered":"Condi\u00e7\u00f5es de Servi\u00e7o Nacional"},"content":{"rendered":"\t\t<div data-elementor-type=\"wp-page\" data-elementor-id=\"7480\" class=\"elementor elementor-7480\" data-elementor-post-type=\"page\">\n\t\t\t\t<div class=\"elementor-element elementor-element-cc9281d e-flex e-con-boxed e-con e-parent\" data-id=\"cc9281d\" data-element_type=\"container\">\n\t\t\t\t\t<div class=\"e-con-inner\">\n\t\t<div class=\"elementor-element elementor-element-1aef75d1 e-con-full e-flex e-con e-child\" data-id=\"1aef75d1\" data-element_type=\"container\">\n\t\t<div class=\"elementor-element elementor-element-2be66224 e-con-full e-flex e-con e-child\" data-id=\"2be66224\" data-element_type=\"container\">\n\t\t\t\t<div class=\"elementor-element elementor-element-17fa471b elementor-widget elementor-widget-heading\" data-id=\"17fa471b\" data-element_type=\"widget\" data-widget_type=\"heading.default\">\n\t\t\t\t<div class=\"elementor-widget-container\">\n\t\t\t<style>\/*! elementor - v3.22.0 - 17-06-2024 *\/\n.elementor-heading-title{padding:0;margin:0;line-height:1}.elementor-widget-heading .elementor-heading-title[class*=elementor-size-]>a{color:inherit;font-size:inherit;line-height:inherit}.elementor-widget-heading .elementor-heading-title.elementor-size-small{font-size:15px}.elementor-widget-heading .elementor-heading-title.elementor-size-medium{font-size:19px}.elementor-widget-heading .elementor-heading-title.elementor-size-large{font-size:29px}.elementor-widget-heading .elementor-heading-title.elementor-size-xl{font-size:39px}.elementor-widget-heading .elementor-heading-title.elementor-size-xxl{font-size:59px}<\/style><h2 class=\"elementor-heading-title elementor-size-default\">Entregas em Portugal Continental e Ilhas.<\/h2>\t\t<\/div>\n\t\t\t\t<\/div>\n\t\t\t\t<div class=\"elementor-element elementor-element-6bca9008 elementor-hidden-tablet elementor-hidden-mobile_extra elementor-hidden-mobile elementor-widget elementor-widget-spacer\" data-id=\"6bca9008\" data-element_type=\"widget\" data-widget_type=\"spacer.default\">\n\t\t\t\t<div class=\"elementor-widget-container\">\n\t\t\t<style>\/*! elementor - v3.22.0 - 17-06-2024 *\/\n.elementor-column .elementor-spacer-inner{height:var(--spacer-size)}.e-con{--container-widget-width:100%}.e-con-inner>.elementor-widget-spacer,.e-con>.elementor-widget-spacer{width:var(--container-widget-width,var(--spacer-size));--align-self:var(--container-widget-align-self,initial);--flex-shrink:0}.e-con-inner>.elementor-widget-spacer>.elementor-widget-container,.e-con>.elementor-widget-spacer>.elementor-widget-container{height:100%;width:100%}.e-con-inner>.elementor-widget-spacer>.elementor-widget-container>.elementor-spacer,.e-con>.elementor-widget-spacer>.elementor-widget-container>.elementor-spacer{height:100%}.e-con-inner>.elementor-widget-spacer>.elementor-widget-container>.elementor-spacer>.elementor-spacer-inner,.e-con>.elementor-widget-spacer>.elementor-widget-container>.elementor-spacer>.elementor-spacer-inner{height:var(--container-widget-height,var(--spacer-size))}.e-con-inner>.elementor-widget-spacer.elementor-widget-empty,.e-con>.elementor-widget-spacer.elementor-widget-empty{position:relative;min-height:22px;min-width:22px}.e-con-inner>.elementor-widget-spacer.elementor-widget-empty .elementor-widget-empty-icon,.e-con>.elementor-widget-spacer.elementor-widget-empty .elementor-widget-empty-icon{position:absolute;top:0;bottom:0;left:0;right:0;margin:auto;padding:0;width:22px;height:22px}<\/style>\t\t<div class=\"elementor-spacer\">\n\t\t\t<div class=\"elementor-spacer-inner\"><\/div>\n\t\t<\/div>\n\t\t\t\t<\/div>\n\t\t\t\t<\/div>\n\t\t\t\t<div class=\"elementor-element elementor-element-52f6c07 elementor-widget elementor-widget-text-editor\" data-id=\"52f6c07\" data-element_type=\"widget\" data-widget_type=\"text-editor.default\">\n\t\t\t\t<div class=\"elementor-widget-container\">\n\t\t\t<style>\/*! elementor - v3.22.0 - 17-06-2024 *\/\n.elementor-widget-text-editor.elementor-drop-cap-view-stacked .elementor-drop-cap{background-color:#69727d;color:#fff}.elementor-widget-text-editor.elementor-drop-cap-view-framed .elementor-drop-cap{color:#69727d;border:3px solid;background-color:transparent}.elementor-widget-text-editor:not(.elementor-drop-cap-view-default) .elementor-drop-cap{margin-top:8px}.elementor-widget-text-editor:not(.elementor-drop-cap-view-default) .elementor-drop-cap-letter{width:1em;height:1em}.elementor-widget-text-editor .elementor-drop-cap{float:left;text-align:center;line-height:1;font-size:50px}.elementor-widget-text-editor .elementor-drop-cap-letter{display:inline-block}<\/style>\t\t\t\t<p>Antes de enviar as suas encomendas, verifique as Condi\u00e7\u00f5es de Servi\u00e7o \u2013 Nacional. Assegure-se de que est\u00e1 a cumprir todas as restri\u00e7\u00f5es, evitando poss\u00edveis problemas.<\/p>\t\t\t\t\t\t<\/div>\n\t\t\t\t<\/div>\n\t\t\t\t<div class=\"elementor-element elementor-element-2b04b elementor-widget__width-inherit elementor-widget-mobile__width-inherit alfaloc-ul padding-ul elementor-widget elementor-widget-text-editor\" data-id=\"2b04b\" data-element_type=\"widget\" data-widget_type=\"text-editor.default\">\n\t\t\t\t<div class=\"elementor-widget-container\">\n\t\t\t\t\t\t\t<ul><li>Rela\u00e7\u00e3o Peso\/Volume:\u00a0Para Portugal Continental e Ilhas,\u00a0a rela\u00e7\u00e3o \u00e9 de\u00a0<strong>250 kg\/m3.<\/strong><\/li><li>Dimens\u00f5es m\u00e1ximas:\u00a0O limite definido \u00e9 de\u00a0<b>200 <\/b><strong>cm,<\/strong> para qualquer dimens\u00e3o no transporte nacional.<\/li><li>Nacional: A <strong>alfaloc<\/strong> aplica a tarifa aos envios nacionais que incluem recolha, ou entrega, nos c\u00f3digos postais das delega\u00e7\u00f5es, bem como do centro de opera\u00e7\u00f5es da alfaloc.<\/li><li>Taxa de Recolha:\u00a0Se a recolha n\u00e3o for\u00a0realizada, conforme solicitado, por motivos alheios \u00e0 <strong>alfaloc<\/strong>, ser\u00e1, consequentemente, cobrada uma taxa de 5 \u20ac.<\/li><li>Segunda Entrega e Seguintes:\u00a0Se n\u00e3o efetuarmos a entrega na primeira tentativa, aplicaremos uma taxa adicional de <strong>+70%<\/strong> por cada tentativa de entrega extra.<\/li><li>Informa\u00e7\u00f5es Adicionais: Obtenha informa\u00e7\u00f5es sobre servi\u00e7os adicionais de manuseamento, restri\u00e7\u00f5es ao servi\u00e7o e limites de peso, e dimens\u00f5es, no transporte nacional, entrando em contacto com o nosso <strong>Servi\u00e7o de Apoio ao Cliente.<\/strong><b><br \/><\/b><\/li><\/ul>\t\t\t\t\t\t<\/div>\n\t\t\t\t<\/div>\n\t\t\t\t<div class=\"elementor-element elementor-element-b454ade elementor-widget__width-inherit elementor-widget-mobile__width-inherit alfaloc-ul padding-ul elementor-widget elementor-widget-text-editor\" data-id=\"b454ade\" data-element_type=\"widget\" data-widget_type=\"text-editor.default\">\n\t\t\t\t<div class=\"elementor-widget-container\">\n\t\t\t\t\t\t\t<p><a href=\"https:\/\/alfaloc.pt\/alfaloc-fr\/servicos-extra\/\"><strong>Ver servi\u00e7os Extra<\/strong><\/a><\/p>\t\t\t\t\t\t<\/div>\n\t\t\t\t<\/div>\n\t\t\t\t<div class=\"elementor-element elementor-element-584c0ea elementor-widget__width-inherit elementor-widget-mobile__width-inherit alfaloc-ul padding-ul elementor-widget elementor-widget-text-editor\" data-id=\"584c0ea\" data-element_type=\"widget\" data-widget_type=\"text-editor.default\">\n\t\t\t\t<div class=\"elementor-widget-container\">\n\t\t\t\t\t\t\t<ul><li>Taxa de Combust\u00edvel:\u00a0Ajustamos, e divulgamos,\u00a0<a href=\"https:\/\/alfaloc.pt\/alfaloc-fr\/taxa-de-combustivel\/\">a taxa<\/a>\u00a0semanalmente\u00a0com 5 dias de anteced\u00eancia.<\/li><li>Documenta\u00e7\u00e3o: Coloque, junto dos seus envios, o respetivo\u00a0<a href=\"https:\/\/alfaloc.pt\/alfaloc-fr\/documentos-de-envio\/\">documento de transporte<\/a>\u00a0(guia de remessa, guia de transporte, fatura).<\/li><li>Rotulagem:\u00a0Assegure-se\u00a0de que todos os volumes est\u00e3o devidamente rotulados com a identifica\u00e7\u00e3o, e morada, do destinat\u00e1rio.<\/li><li>Embalamento:\u00a0Destacamos\u00a0a import\u00e2ncia dos\u00a0<a href=\"https:\/\/alfaloc.pt\/alfaloc-fr\/embalagens-e-embalamento\/\">cuidados no embalamento\u00a0<\/a>das encomendas e\u00a0ressaltamos que a responsabilidade pelo embalamento, cabe ao expedidor.<\/li><li>IVA:\u00a0O IVA ser\u00e1 aplicado sobre o pre\u00e7o apresentado, \u00e0 taxa legal em vigor<\/li><li>Condi\u00e7\u00f5es Gerais: Os transportes ser\u00e3o efetuados de acordo com as\u00a0<a href=\"https:\/\/alfaloc.pt\/alfaloc-fr\/condicoes-gerais\/\">Condi\u00e7\u00f5es Gerais<\/a>\u00a0da\u00a0<strong>alfaloc<\/strong>.<\/li><\/ul>\t\t\t\t\t\t<\/div>\n\t\t\t\t<\/div>\n\t\t\t\t<div class=\"elementor-element elementor-element-2c68ad06 elementor-hidden-tablet elementor-hidden-mobile_extra elementor-hidden-mobile elementor-widget elementor-widget-spacer\" data-id=\"2c68ad06\" data-element_type=\"widget\" data-widget_type=\"spacer.default\">\n\t\t\t\t<div class=\"elementor-widget-container\">\n\t\t\t\t\t<div class=\"elementor-spacer\">\n\t\t\t<div class=\"elementor-spacer-inner\"><\/div>\n\t\t<\/div>\n\t\t\t\t<\/div>\n\t\t\t\t<\/div>\n\t\t\t\t<div class=\"elementor-element elementor-element-299929cd elementor-widget elementor-widget-text-editor\" data-id=\"299929cd\" data-element_type=\"widget\" data-widget_type=\"text-editor.default\">\n\t\t\t\t<div class=\"elementor-widget-container\">\n\t\t\t\t\t\t\t<p>Ver tamb\u00e9m <a href=\"https:\/\/alfaloc.pt\/alfaloc-fr\/wp-content\/uploads\/sites\/3\/2024\/03\/condicoes_gerais_prestacao_servicos_PT_2020.pdf\" target=\"_blank\" rel=\"noopener\">Condi\u00e7\u00f5es Gerais de Presta\u00e7\u00e3o de Servi\u00e7os<\/a><\/p>\t\t\t\t\t\t<\/div>\n\t\t\t\t<\/div>\n\t\t\t\t<div class=\"elementor-element elementor-element-3fcf3896 elementor-widget elementor-widget-text-editor\" data-id=\"3fcf3896\" data-element_type=\"widget\" data-widget_type=\"text-editor.default\">\n\t\t\t\t<div class=\"elementor-widget-container\">\n\t\t\t\t\t\t\t<p><strong>Servi\u00e7o de Apoio a Clientes &#8211; sac@alfaloc.pt, 917 777 100 ou 707 212 707<\/strong><\/p>\t\t\t\t\t\t<\/div>\n\t\t\t\t<\/div>\n\t\t\t\t<div class=\"elementor-element elementor-element-797522b elementor-widget elementor-widget-text-editor\" data-id=\"797522b\" data-element_type=\"widget\" data-widget_type=\"text-editor.default\">\n\t\t\t\t<div class=\"elementor-widget-container\">\n\t\t\t\t\t\t\t<p>(Chamada para rede m\u00f3vel nacional)<br \/>(Chamada para rede fixa nacional de valor acrescentado. A partir de n\u00ba fixo, chamada com custo m\u00e1ximo de 0,09\u20ac+iva por minuto, com fatura\u00e7\u00e3o ao segundo a partir do primeiro minuto.)<br \/>(A partir de n\u00ba m\u00f3vel, chamada com custo m\u00e1ximo de 0,13\u20ac+iva por minuto, com fatura\u00e7\u00e3o ao segundo a partir do primeiro minuto. Custo efetivo dependente dos operadores.)<\/p>\t\t\t\t\t\t<\/div>\n\t\t\t\t<\/div>\n\t\t\t\t<\/div>\n\t\t\t\t<\/div>\n\t\t<div class=\"elementor-element elementor-element-6f44f210 e-con-full e-flex e-con e-child\" data-id=\"6f44f210\" data-element_type=\"container\">\n\t\t<div class=\"elementor-element elementor-element-3d2b1f8d e-con-full e-flex e-con e-child\" data-id=\"3d2b1f8d\" data-element_type=\"container\">\n\t\t\t\t<div class=\"elementor-element elementor-element-5952ce38 elementor-widget elementor-widget-image\" data-id=\"5952ce38\" data-element_type=\"widget\" data-widget_type=\"image.default\">\n\t\t\t\t<div class=\"elementor-widget-container\">\n\t\t\t<style>\/*! elementor - v3.22.0 - 17-06-2024 *\/\n.elementor-widget-image{text-align:center}.elementor-widget-image a{display:inline-block}.elementor-widget-image a img[src$=\".svg\"]{width:48px}.elementor-widget-image img{vertical-align:middle;display:inline-block}<\/style>\t\t\t\t\t\t\t\t\t\t<img fetchpriority=\"high\" decoding=\"async\" width=\"300\" height=\"300\" src=\"https:\/\/alfaloc.fr\/wp-content\/uploads\/sites\/3\/2024\/08\/nacional.png\" class=\"attachment-full size-full wp-image-6940\" alt=\"Servi\u00e7o - Nacional\" srcset=\"https:\/\/alfaloc.fr\/wp-content\/uploads\/sites\/3\/2024\/08\/nacional.png 300w, https:\/\/alfaloc.fr\/wp-content\/uploads\/sites\/3\/2024\/08\/nacional-150x150.png 150w, https:\/\/alfaloc.fr\/wp-content\/uploads\/sites\/3\/2024\/08\/elementor\/thumbs\/nacional-150x150.png 400w, https:\/\/alfaloc.fr\/wp-content\/uploads\/sites\/3\/2024\/08\/elementor\/thumbs\/nacional-150x150.png 500w, https:\/\/alfaloc.fr\/wp-content\/uploads\/sites\/3\/2024\/08\/elementor\/thumbs\/nacional-qszablqao3q1hjyfr2f7r0ghgx0j2owh64u04fd1w0.png 200w\" sizes=\"(max-width: 300px) 100vw, 300px\" \/>\t\t\t\t\t\t\t\t\t\t\t\t\t<\/div>\n\t\t\t\t<\/div>\n\t\t\t\t<\/div>\n\t\t<div class=\"elementor-element elementor-element-71ab07c7 e-con-full e-flex e-con e-child\" data-id=\"71ab07c7\" data-element_type=\"container\">\n\t\t<div class=\"elementor-element elementor-element-4d43572d e-con-full e-flex e-con e-child\" data-id=\"4d43572d\" data-element_type=\"container\" data-settings=\"{&quot;background_background&quot;:&quot;classic&quot;}\">\n\t\t\t\t<div class=\"elementor-element elementor-element-6f9b5712 elementor-widget elementor-widget-ws-form\" data-id=\"6f9b5712\" data-element_type=\"widget\" data-widget_type=\"ws-form.default\">\n\t\t\t\t<div class=\"elementor-widget-container\">\n\t\t\t<form action=\"https:\/\/alfaloc.fr\/pt-pt\/wp-json\/ws-form\/v1\/submit\" class=\"wsf-form wsf-form-canvas\" id=\"ws-form-1\" data-id=\"5\" data-instance-id=\"1\" method=\"POST\"><\/form>\t\t<\/div>\n\t\t\t\t<\/div>\n\t\t\t\t<\/div>\n\t\t\t\t<\/div>\n\t\t\t\t<\/div>\n\t\t\t\t\t<\/div>\n\t\t\t\t<\/div>\n\t\t\t\t<\/div>\n\t\t","protected":false},"excerpt":{"rendered":"<p>Entregas em Portugal Continental e Ilhas. Antes de enviar as suas encomendas, verifique as Condi\u00e7\u00f5es de Servi\u00e7o \u2013 Nacional. Assegure-se de que est\u00e1 a cumprir todas as restri\u00e7\u00f5es, evitando poss\u00edveis problemas. Rela\u00e7\u00e3o Peso\/Volume:\u00a0Para Portugal Continental e Ilhas,\u00a0a rela\u00e7\u00e3o \u00e9 de\u00a0250 kg\/m3. Dimens\u00f5es m\u00e1ximas:\u00a0O limite definido \u00e9 de\u00a0200 cm, para qualquer dimens\u00e3o no transporte nacional. Nacional: [&hellip;]<\/p>\n","protected":false},"author":1,"featured_media":0,"parent":0,"menu_order":0,"comment_status":"closed","ping_status":"closed","template":"","meta":{"footnotes":""},"class_list":["post-7480","page","type-page","status-publish","hentry"],"yoast_head":"<!-- This site is optimized with the Yoast SEO Premium plugin v27.5 (Yoast SEO v27.5) - https:\/\/yoast.com\/product\/yoast-seo-premium-wordpress\/ -->\n<title>Condi\u00e7\u00f5es de Servi\u00e7o Nacional - Alfaloc FR<\/title>\n<meta name=\"description\" content=\"Verifique as condi\u00e7\u00f5es do servi\u00e7o Nacional da Alfaloc. Conhe\u00e7a os limites da carga que se pode transportar em territ\u00f3rio nacional.\" \/>\n<meta name=\"robots\" content=\"index, follow, max-snippet:-1, max-image-preview:large, max-video-preview:-1\" \/>\n<link rel=\"canonical\" href=\"https:\/\/alfaloc.fr\/pt-pt\/condicoes-de-servico-nacional\/\" \/>\n<meta property=\"og:locale\" content=\"pt_PT\" \/>\n<meta property=\"og:type\" content=\"article\" \/>\n<meta property=\"og:title\" content=\"Condi\u00e7\u00f5es de Servi\u00e7o Nacional\" \/>\n<meta property=\"og:description\" content=\"Verifique as condi\u00e7\u00f5es do servi\u00e7o Nacional da Alfaloc. Conhe\u00e7a os limites da carga que se pode transportar em territ\u00f3rio nacional.\" \/>\n<meta property=\"og:url\" content=\"https:\/\/alfaloc.fr\/pt-pt\/condicoes-de-servico-nacional\/\" \/>\n<meta property=\"og:site_name\" content=\"Alfaloc FR\" \/>\n<meta property=\"article:modified_time\" content=\"2025-02-27T09:54:31+00:00\" \/>\n<meta property=\"og:image\" content=\"https:\/\/alfaloc.pt\/alfaloc-fr\/wp-content\/uploads\/sites\/3\/2024\/08\/nacional.png\" \/>\n<meta name=\"twitter:card\" content=\"summary_large_image\" \/>\n<meta name=\"twitter:label1\" content=\"Tempo estimado de leitura\" \/>\n\t<meta name=\"twitter:data1\" content=\"7 minutos\" \/>\n<script type=\"application\/ld+json\" class=\"yoast-schema-graph\">{\"@context\":\"https:\\\/\\\/schema.org\",\"@graph\":[{\"@type\":\"WebPage\",\"@id\":\"https:\\\/\\\/alfaloc.fr\\\/pt-pt\\\/condicoes-de-servico-nacional\\\/\",\"url\":\"https:\\\/\\\/alfaloc.fr\\\/pt-pt\\\/condicoes-de-servico-nacional\\\/\",\"name\":\"Condi\u00e7\u00f5es de Servi\u00e7o Nacional - Alfaloc FR\",\"isPartOf\":{\"@id\":\"https:\\\/\\\/alfaloc.fr\\\/pt-pt\\\/#website\"},\"primaryImageOfPage\":{\"@id\":\"https:\\\/\\\/alfaloc.fr\\\/pt-pt\\\/condicoes-de-servico-nacional\\\/#primaryimage\"},\"image\":{\"@id\":\"https:\\\/\\\/alfaloc.fr\\\/pt-pt\\\/condicoes-de-servico-nacional\\\/#primaryimage\"},\"thumbnailUrl\":\"https:\\\/\\\/alfaloc.pt\\\/alfaloc-fr\\\/wp-content\\\/uploads\\\/sites\\\/3\\\/2024\\\/08\\\/nacional.png\",\"datePublished\":\"2024-08-26T13:58:52+00:00\",\"dateModified\":\"2025-02-27T09:54:31+00:00\",\"description\":\"Verifique as condi\u00e7\u00f5es do servi\u00e7o Nacional da Alfaloc. Conhe\u00e7a os limites da carga que se pode transportar em territ\u00f3rio nacional.\",\"breadcrumb\":{\"@id\":\"https:\\\/\\\/alfaloc.fr\\\/pt-pt\\\/condicoes-de-servico-nacional\\\/#breadcrumb\"},\"inLanguage\":\"pt-PT\",\"potentialAction\":[{\"@type\":\"ReadAction\",\"target\":[\"https:\\\/\\\/alfaloc.fr\\\/pt-pt\\\/condicoes-de-servico-nacional\\\/\"]}]},{\"@type\":\"ImageObject\",\"inLanguage\":\"pt-PT\",\"@id\":\"https:\\\/\\\/alfaloc.fr\\\/pt-pt\\\/condicoes-de-servico-nacional\\\/#primaryimage\",\"url\":\"https:\\\/\\\/alfaloc.pt\\\/alfaloc-fr\\\/wp-content\\\/uploads\\\/sites\\\/3\\\/2024\\\/08\\\/nacional.png\",\"contentUrl\":\"https:\\\/\\\/alfaloc.pt\\\/alfaloc-fr\\\/wp-content\\\/uploads\\\/sites\\\/3\\\/2024\\\/08\\\/nacional.png\"},{\"@type\":\"BreadcrumbList\",\"@id\":\"https:\\\/\\\/alfaloc.fr\\\/pt-pt\\\/condicoes-de-servico-nacional\\\/#breadcrumb\",\"itemListElement\":[{\"@type\":\"ListItem\",\"position\":1,\"name\":\"In\u00edcio\",\"item\":\"https:\\\/\\\/alfaloc.fr\\\/pt-pt\\\/\"},{\"@type\":\"ListItem\",\"position\":2,\"name\":\"Condi\u00e7\u00f5es de Servi\u00e7o Nacional\"}]},{\"@type\":\"WebSite\",\"@id\":\"https:\\\/\\\/alfaloc.fr\\\/pt-pt\\\/#website\",\"url\":\"https:\\\/\\\/alfaloc.fr\\\/pt-pt\\\/\",\"name\":\"Alfaloc FR\",\"description\":\"\",\"potentialAction\":[{\"@type\":\"SearchAction\",\"target\":{\"@type\":\"EntryPoint\",\"urlTemplate\":\"https:\\\/\\\/alfaloc.fr\\\/pt-pt\\\/?s={search_term_string}\"},\"query-input\":{\"@type\":\"PropertyValueSpecification\",\"valueRequired\":true,\"valueName\":\"search_term_string\"}}],\"inLanguage\":\"pt-PT\"}]}<\/script>\n<!-- \/ Yoast SEO Premium plugin. -->","yoast_head_json":{"title":"Condi\u00e7\u00f5es de Servi\u00e7o Nacional - Alfaloc FR","description":"Verifique as condi\u00e7\u00f5es do servi\u00e7o Nacional da Alfaloc. Conhe\u00e7a os limites da carga que se pode transportar em territ\u00f3rio nacional.","robots":{"index":"index","follow":"follow","max-snippet":"max-snippet:-1","max-image-preview":"max-image-preview:large","max-video-preview":"max-video-preview:-1"},"canonical":"https:\/\/alfaloc.fr\/pt-pt\/condicoes-de-servico-nacional\/","og_locale":"pt_PT","og_type":"article","og_title":"Condi\u00e7\u00f5es de Servi\u00e7o Nacional","og_description":"Verifique as condi\u00e7\u00f5es do servi\u00e7o Nacional da Alfaloc. Conhe\u00e7a os limites da carga que se pode transportar em territ\u00f3rio nacional.","og_url":"https:\/\/alfaloc.fr\/pt-pt\/condicoes-de-servico-nacional\/","og_site_name":"Alfaloc FR","article_modified_time":"2025-02-27T09:54:31+00:00","og_image":[{"url":"https:\/\/alfaloc.pt\/alfaloc-fr\/wp-content\/uploads\/sites\/3\/2024\/08\/nacional.png","type":"","width":"","height":""}],"twitter_card":"summary_large_image","twitter_misc":{"Tempo estimado de leitura":"7 minutos"},"schema":{"@context":"https:\/\/schema.org","@graph":[{"@type":"WebPage","@id":"https:\/\/alfaloc.fr\/pt-pt\/condicoes-de-servico-nacional\/","url":"https:\/\/alfaloc.fr\/pt-pt\/condicoes-de-servico-nacional\/","name":"Condi\u00e7\u00f5es de Servi\u00e7o Nacional - Alfaloc FR","isPartOf":{"@id":"https:\/\/alfaloc.fr\/pt-pt\/#website"},"primaryImageOfPage":{"@id":"https:\/\/alfaloc.fr\/pt-pt\/condicoes-de-servico-nacional\/#primaryimage"},"image":{"@id":"https:\/\/alfaloc.fr\/pt-pt\/condicoes-de-servico-nacional\/#primaryimage"},"thumbnailUrl":"https:\/\/alfaloc.pt\/alfaloc-fr\/wp-content\/uploads\/sites\/3\/2024\/08\/nacional.png","datePublished":"2024-08-26T13:58:52+00:00","dateModified":"2025-02-27T09:54:31+00:00","description":"Verifique as condi\u00e7\u00f5es do servi\u00e7o Nacional da Alfaloc. Conhe\u00e7a os limites da carga que se pode transportar em territ\u00f3rio nacional.","breadcrumb":{"@id":"https:\/\/alfaloc.fr\/pt-pt\/condicoes-de-servico-nacional\/#breadcrumb"},"inLanguage":"pt-PT","potentialAction":[{"@type":"ReadAction","target":["https:\/\/alfaloc.fr\/pt-pt\/condicoes-de-servico-nacional\/"]}]},{"@type":"ImageObject","inLanguage":"pt-PT","@id":"https:\/\/alfaloc.fr\/pt-pt\/condicoes-de-servico-nacional\/#primaryimage","url":"https:\/\/alfaloc.pt\/alfaloc-fr\/wp-content\/uploads\/sites\/3\/2024\/08\/nacional.png","contentUrl":"https:\/\/alfaloc.pt\/alfaloc-fr\/wp-content\/uploads\/sites\/3\/2024\/08\/nacional.png"},{"@type":"BreadcrumbList","@id":"https:\/\/alfaloc.fr\/pt-pt\/condicoes-de-servico-nacional\/#breadcrumb","itemListElement":[{"@type":"ListItem","position":1,"name":"In\u00edcio","item":"https:\/\/alfaloc.fr\/pt-pt\/"},{"@type":"ListItem","position":2,"name":"Condi\u00e7\u00f5es de Servi\u00e7o Nacional"}]},{"@type":"WebSite","@id":"https:\/\/alfaloc.fr\/pt-pt\/#website","url":"https:\/\/alfaloc.fr\/pt-pt\/","name":"Alfaloc FR","description":"","potentialAction":[{"@type":"SearchAction","target":{"@type":"EntryPoint","urlTemplate":"https:\/\/alfaloc.fr\/pt-pt\/?s={search_term_string}"},"query-input":{"@type":"PropertyValueSpecification","valueRequired":true,"valueName":"search_term_string"}}],"inLanguage":"pt-PT"}]}},"_links":{"self":[{"href":"https:\/\/alfaloc.fr\/pt-pt\/wp-json\/wp\/v2\/pages\/7480","targetHints":{"allow":["GET"]}}],"collection":[{"href":"https:\/\/alfaloc.fr\/pt-pt\/wp-json\/wp\/v2\/pages"}],"about":[{"href":"https:\/\/alfaloc.fr\/pt-pt\/wp-json\/wp\/v2\/types\/page"}],"author":[{"embeddable":true,"href":"https:\/\/alfaloc.fr\/pt-pt\/wp-json\/wp\/v2\/users\/1"}],"replies":[{"embeddable":true,"href":"https:\/\/alfaloc.fr\/pt-pt\/wp-json\/wp\/v2\/comments?post=7480"}],"version-history":[{"count":22,"href":"https:\/\/alfaloc.fr\/pt-pt\/wp-json\/wp\/v2\/pages\/7480\/revisions"}],"predecessor-version":[{"id":12637,"href":"https:\/\/alfaloc.fr\/pt-pt\/wp-json\/wp\/v2\/pages\/7480\/revisions\/12637"}],"wp:attachment":[{"href":"https:\/\/alfaloc.fr\/pt-pt\/wp-json\/wp\/v2\/media?parent=7480"}],"curies":[{"name":"wp","href":"https:\/\/api.w.org\/{rel}","templated":true}]}}