{"id":11304,"date":"2024-08-26T13:58:52","date_gmt":"2024-08-26T13:58:52","guid":{"rendered":"https:\/\/alfaloc.pt\/condiciones-del-servicio-nacional\/"},"modified":"2025-02-10T11:40:46","modified_gmt":"2025-02-10T11:40:46","slug":"condiciones-del-servicio-nacional","status":"publish","type":"page","link":"https:\/\/alfaloc.fr\/es\/condiciones-del-servicio-nacional\/","title":{"rendered":"Condiciones del Servicio Nacional"},"content":{"rendered":"\t\t<div data-elementor-type=\"wp-page\" data-elementor-id=\"11304\" class=\"elementor elementor-11304 elementor-7480\" data-elementor-post-type=\"page\">\n\t\t\t\t<div class=\"elementor-element elementor-element-cc9281d e-flex e-con-boxed e-con e-parent\" data-id=\"cc9281d\" data-element_type=\"container\">\n\t\t\t\t\t<div class=\"e-con-inner\">\n\t\t<div class=\"elementor-element elementor-element-1aef75d1 e-con-full e-flex e-con e-child\" data-id=\"1aef75d1\" data-element_type=\"container\">\n\t\t<div class=\"elementor-element elementor-element-2be66224 e-con-full e-flex e-con e-child\" data-id=\"2be66224\" data-element_type=\"container\">\n\t\t\t\t<div class=\"elementor-element elementor-element-17fa471b elementor-widget elementor-widget-heading\" data-id=\"17fa471b\" data-element_type=\"widget\" data-widget_type=\"heading.default\">\n\t\t\t\t<div class=\"elementor-widget-container\">\n\t\t\t<style>\/*! elementor - v3.22.0 - 17-06-2024 *\/\n.elementor-heading-title{padding:0;margin:0;line-height:1}.elementor-widget-heading .elementor-heading-title[class*=elementor-size-]>a{color:inherit;font-size:inherit;line-height:inherit}.elementor-widget-heading .elementor-heading-title.elementor-size-small{font-size:15px}.elementor-widget-heading .elementor-heading-title.elementor-size-medium{font-size:19px}.elementor-widget-heading .elementor-heading-title.elementor-size-large{font-size:29px}.elementor-widget-heading .elementor-heading-title.elementor-size-xl{font-size:39px}.elementor-widget-heading .elementor-heading-title.elementor-size-xxl{font-size:59px}<\/style><h2 class=\"elementor-heading-title elementor-size-default\">Entregas en Portugal continental e Islas.<\/h2>\t\t<\/div>\n\t\t\t\t<\/div>\n\t\t\t\t<div class=\"elementor-element elementor-element-6bca9008 elementor-hidden-tablet elementor-hidden-mobile_extra elementor-hidden-mobile elementor-widget elementor-widget-spacer\" data-id=\"6bca9008\" data-element_type=\"widget\" data-widget_type=\"spacer.default\">\n\t\t\t\t<div class=\"elementor-widget-container\">\n\t\t\t<style>\/*! elementor - v3.22.0 - 17-06-2024 *\/\n.elementor-column .elementor-spacer-inner{height:var(--spacer-size)}.e-con{--container-widget-width:100%}.e-con-inner>.elementor-widget-spacer,.e-con>.elementor-widget-spacer{width:var(--container-widget-width,var(--spacer-size));--align-self:var(--container-widget-align-self,initial);--flex-shrink:0}.e-con-inner>.elementor-widget-spacer>.elementor-widget-container,.e-con>.elementor-widget-spacer>.elementor-widget-container{height:100%;width:100%}.e-con-inner>.elementor-widget-spacer>.elementor-widget-container>.elementor-spacer,.e-con>.elementor-widget-spacer>.elementor-widget-container>.elementor-spacer{height:100%}.e-con-inner>.elementor-widget-spacer>.elementor-widget-container>.elementor-spacer>.elementor-spacer-inner,.e-con>.elementor-widget-spacer>.elementor-widget-container>.elementor-spacer>.elementor-spacer-inner{height:var(--container-widget-height,var(--spacer-size))}.e-con-inner>.elementor-widget-spacer.elementor-widget-empty,.e-con>.elementor-widget-spacer.elementor-widget-empty{position:relative;min-height:22px;min-width:22px}.e-con-inner>.elementor-widget-spacer.elementor-widget-empty .elementor-widget-empty-icon,.e-con>.elementor-widget-spacer.elementor-widget-empty .elementor-widget-empty-icon{position:absolute;top:0;bottom:0;left:0;right:0;margin:auto;padding:0;width:22px;height:22px}<\/style>\t\t<div class=\"elementor-spacer\">\n\t\t\t<div class=\"elementor-spacer-inner\"><\/div>\n\t\t<\/div>\n\t\t\t\t<\/div>\n\t\t\t\t<\/div>\n\t\t\t\t<div class=\"elementor-element elementor-element-52f6c07 elementor-widget elementor-widget-text-editor\" data-id=\"52f6c07\" data-element_type=\"widget\" data-widget_type=\"text-editor.default\">\n\t\t\t\t<div class=\"elementor-widget-container\">\n\t\t\t<style>\/*! elementor - v3.22.0 - 17-06-2024 *\/\n.elementor-widget-text-editor.elementor-drop-cap-view-stacked .elementor-drop-cap{background-color:#69727d;color:#fff}.elementor-widget-text-editor.elementor-drop-cap-view-framed .elementor-drop-cap{color:#69727d;border:3px solid;background-color:transparent}.elementor-widget-text-editor:not(.elementor-drop-cap-view-default) .elementor-drop-cap{margin-top:8px}.elementor-widget-text-editor:not(.elementor-drop-cap-view-default) .elementor-drop-cap-letter{width:1em;height:1em}.elementor-widget-text-editor .elementor-drop-cap{float:left;text-align:center;line-height:1;font-size:50px}.elementor-widget-text-editor .elementor-drop-cap-letter{display:inline-block}<\/style>\t\t\t\t<p>Antes de enviar sus pedidos, consulte los T\u00e9rminos de servicio \u2013 Nacional. Aseg\u00farate de cumplir con todas las restricciones, evitando posibles problemas. <\/p>\n\t\t\t\t\t\t<\/div>\n\t\t\t\t<\/div>\n\t\t\t\t<div class=\"elementor-element elementor-element-2b04b elementor-widget__width-inherit elementor-widget-mobile__width-inherit alfaloc-ul padding-ul elementor-widget elementor-widget-text-editor\" data-id=\"2b04b\" data-element_type=\"widget\" data-widget_type=\"text-editor.default\">\n\t\t\t\t<div class=\"elementor-widget-container\">\n\t\t\t\t\t\t\t<ul>\n<li>Relaci\u00f3n peso\/volumen: Para Portugal continental y las islas, la relaci\u00f3n es de <strong>250 kg\/m3.<\/strong><\/li>\n<li>Dimensiones m\u00e1ximas: El l\u00edmite establecido es de <b>200 <\/b><strong>cm,<\/strong> para cualquier dimensi\u00f3n en el transporte nacional.<\/li>\n<li>Nacional: <strong>alfaloc<\/strong> aplica la tarifa a los env\u00edos nacionales que incluyen recogida, o entrega, a los c\u00f3digos postales de las delegaciones, as\u00ed como al centro de operaciones de alfaloc.<\/li>\n<li>Comisi\u00f3n de recogida: Si la recogida no se lleva a cabo, seg\u00fan lo solicitado, por causas ajenas a <strong>alfaloc<\/strong>, se cobrar\u00e1 una tasa de 5 \u20ac.<\/li>\n<li>Segunda entrega y posteriores entregas: Si no entregamos en el primer intento, aplicaremos una tarifa adicional de <strong>+70%<\/strong> por cada intento de entrega adicional.<\/li>\n<li>Informaci\u00f3n adicional: Obtenga informaci\u00f3n sobre servicios de manipulaci\u00f3n adicionales, restricciones de servicio y l\u00edmites de peso y dimensiones en el transporte nacional poni\u00e9ndose en contacto con nuestro <strong>Servicio de Atenci\u00f3n al Cliente.<\/strong><b><br \/><\/b><\/li>\n<\/ul>\n\t\t\t\t\t\t<\/div>\n\t\t\t\t<\/div>\n\t\t\t\t<div class=\"elementor-element elementor-element-6f926f50 elementor-widget__width-inherit elementor-widget-mobile__width-inherit alfaloc-ul padding-ul elementor-widget elementor-widget-text-editor\" data-id=\"6f926f50\" data-element_type=\"widget\" data-widget_type=\"text-editor.default\">\n\t\t\t\t<div class=\"elementor-widget-container\">\n\t\t\t\t\t\t\t<p><a href=\"https:\/\/alfaloc.pt\/alfaloc-fr\/servico\/race\/condicoes-de-servico-race\/#\"><strong>VER SERVICIOS COMPLEMENTARIOS<\/strong><\/a><\/p>\n\t\t\t\t\t\t<\/div>\n\t\t\t\t<\/div>\n\t\t\t\t<div class=\"elementor-element elementor-element-584c0ea elementor-widget__width-inherit elementor-widget-mobile__width-inherit alfaloc-ul padding-ul elementor-widget elementor-widget-text-editor\" data-id=\"584c0ea\" data-element_type=\"widget\" data-widget_type=\"text-editor.default\">\n\t\t\t\t<div class=\"elementor-widget-container\">\n\t\t\t\t\t\t\t<ul>\n<li>Cargo por combustible: Ajustamos y divulgamos <a href=\"https:\/\/alfaloc.pt\/alfaloc-fr\/es\/recargo-por-combustible\/\">la tarifa<\/a> semanalmente con 5 d\u00edas de anticipaci\u00f3n.<\/li>\n<li>Documentaci\u00f3n: Coloque el <a href=\"https:\/\/alfaloc.pt\/alfaloc-fr\/es\/documentos-de-envio\/\">documento de transporte<\/a> respectivo (albar\u00e1n de entrega, albar\u00e1n, factura) junto a sus env\u00edos.<\/li>\n<li>Etiquetado: Aseg\u00farese de que todos los paquetes est\u00e9n correctamente etiquetados con la identificaci\u00f3n y la direcci\u00f3n del destinatario.<\/li>\n<li>Embalaje: Hacemos hincapi\u00e9 en la importancia del <a href=\"https:\/\/alfaloc.pt\/alfaloc-fr\/es\/embalaje-y-embalaje\/\">cuidado en el embalaje de los <\/a>pedidos y hacemos hincapi\u00e9 en que la responsabilidad del embalaje recae en el remitente.<\/li>\n<li>IVA: se aplicar\u00e1 el IVA sobre el precio mostrado, al tipo legal vigente<\/li>\n<li>Condiciones Generales: Los transportes se realizar\u00e1n de acuerdo con <a href=\"https:\/\/alfaloc.pt\/alfaloc-fr\/es\/condiciones-generales\/\">las Condiciones Generales<\/a> de Alfaloc.<\/li>\n<\/ul>\n\t\t\t\t\t\t<\/div>\n\t\t\t\t<\/div>\n\t\t\t\t<div class=\"elementor-element elementor-element-2c68ad06 elementor-hidden-tablet elementor-hidden-mobile_extra elementor-hidden-mobile elementor-widget elementor-widget-spacer\" data-id=\"2c68ad06\" data-element_type=\"widget\" data-widget_type=\"spacer.default\">\n\t\t\t\t<div class=\"elementor-widget-container\">\n\t\t\t\t\t<div class=\"elementor-spacer\">\n\t\t\t<div class=\"elementor-spacer-inner\"><\/div>\n\t\t<\/div>\n\t\t\t\t<\/div>\n\t\t\t\t<\/div>\n\t\t\t\t<div class=\"elementor-element elementor-element-299929cd elementor-widget elementor-widget-text-editor\" data-id=\"299929cd\" data-element_type=\"widget\" data-widget_type=\"text-editor.default\">\n\t\t\t\t<div class=\"elementor-widget-container\">\n\t\t\t\t\t\t\t<p>Ver tambi\u00e9n <a href=\"https:\/\/alfaloc.pt\/alfaloc-fr\/wp-content\/uploads\/sites\/3\/2024\/03\/condicoes_gerais_prestacao_servicos_PT_2020.pdf\" target=\"_blank\" rel=\"noopener\">Condiciones Generales para la Prestaci\u00f3n de Servicios<\/a><\/p>\n\t\t\t\t\t\t<\/div>\n\t\t\t\t<\/div>\n\t\t\t\t<div class=\"elementor-element elementor-element-3fcf3896 elementor-widget elementor-widget-text-editor\" data-id=\"3fcf3896\" data-element_type=\"widget\" data-widget_type=\"text-editor.default\">\n\t\t\t\t<div class=\"elementor-widget-container\">\n\t\t\t\t\t\t\t<p><strong>Atenci\u00f3n al cliente &#8211; sac@alfaloc.pt, 917 777 100 o 707 212 707<\/strong><\/p>\n\t\t\t\t\t\t<\/div>\n\t\t\t\t<\/div>\n\t\t\t\t<div class=\"elementor-element elementor-element-797522b elementor-widget elementor-widget-text-editor\" data-id=\"797522b\" data-element_type=\"widget\" data-widget_type=\"text-editor.default\">\n\t\t\t\t<div class=\"elementor-widget-container\">\n\t\t\t\t\t\t\t<p>(Llamada a la red m\u00f3vil nacional)<br \/>(Convocatoria de red nacional de valor agregado fijo. Desde un n\u00famero fijo, llama con un coste m\u00e1ximo de 0,09 \u20ac + IVA por minuto, con facturaci\u00f3n por segundo desde el primer minuto.)<br \/>(Desde el n\u00famero de m\u00f3vil, llama con un coste m\u00e1ximo de 0,13 \u20ac + IVA por minuto, con facturaci\u00f3n por segundo desde el primer minuto. El costo efectivo depende de los operadores).<\/p>\n\t\t\t\t\t\t<\/div>\n\t\t\t\t<\/div>\n\t\t\t\t<\/div>\n\t\t\t\t<\/div>\n\t\t<div class=\"elementor-element elementor-element-6f44f210 e-con-full e-flex e-con e-child\" data-id=\"6f44f210\" data-element_type=\"container\">\n\t\t<div class=\"elementor-element elementor-element-3d2b1f8d e-con-full e-flex e-con e-child\" data-id=\"3d2b1f8d\" data-element_type=\"container\">\n\t\t\t\t<div class=\"elementor-element elementor-element-5952ce38 elementor-widget elementor-widget-image\" data-id=\"5952ce38\" data-element_type=\"widget\" data-widget_type=\"image.default\">\n\t\t\t\t<div class=\"elementor-widget-container\">\n\t\t\t<style>\/*! elementor - v3.22.0 - 17-06-2024 *\/\n.elementor-widget-image{text-align:center}.elementor-widget-image a{display:inline-block}.elementor-widget-image a img[src$=\".svg\"]{width:48px}.elementor-widget-image img{vertical-align:middle;display:inline-block}<\/style>\t\t\t\t\t\t\t\t\t\t<img fetchpriority=\"high\" decoding=\"async\" width=\"300\" height=\"300\" src=\"https:\/\/alfaloc.fr\/wp-content\/uploads\/sites\/3\/2024\/08\/nacional.png\" class=\"attachment-full size-full wp-image-10203\" alt=\"\" srcset=\"https:\/\/alfaloc.fr\/wp-content\/uploads\/sites\/3\/2024\/08\/nacional.png 300w, https:\/\/alfaloc.fr\/wp-content\/uploads\/sites\/3\/2024\/08\/nacional-150x150.png 150w, https:\/\/alfaloc.fr\/wp-content\/uploads\/sites\/3\/2024\/08\/elementor\/thumbs\/nacional-150x150.png 400w, https:\/\/alfaloc.fr\/wp-content\/uploads\/sites\/3\/2024\/08\/elementor\/thumbs\/nacional-150x150.png 500w, https:\/\/alfaloc.fr\/wp-content\/uploads\/sites\/3\/2024\/08\/elementor\/thumbs\/nacional-qszablqao3q1hjyfr2f7r0ghgx0j2owh64u04fd1w0.png 200w\" sizes=\"(max-width: 300px) 100vw, 300px\" \/>\t\t\t\t\t\t\t\t\t\t\t\t\t<\/div>\n\t\t\t\t<\/div>\n\t\t\t\t<\/div>\n\t\t<div class=\"elementor-element elementor-element-71ab07c7 e-con-full e-flex e-con e-child\" data-id=\"71ab07c7\" data-element_type=\"container\">\n\t\t<div class=\"elementor-element elementor-element-4d43572d e-con-full e-flex e-con e-child\" data-id=\"4d43572d\" data-element_type=\"container\" data-settings=\"{&quot;background_background&quot;:&quot;classic&quot;}\">\n\t\t\t\t<div class=\"elementor-element elementor-element-6f9b5712 elementor-widget elementor-widget-ws-form\" data-id=\"6f9b5712\" data-element_type=\"widget\" data-widget_type=\"ws-form.default\">\n\t\t\t\t<div class=\"elementor-widget-container\">\n\t\t\t<form action=\"https:\/\/alfaloc.fr\/es\/wp-json\/ws-form\/v1\/submit\" class=\"wsf-form wsf-form-canvas\" id=\"ws-form-1\" data-id=\"31\" data-instance-id=\"1\" method=\"POST\"><\/form>\t\t<\/div>\n\t\t\t\t<\/div>\n\t\t\t\t<\/div>\n\t\t\t\t<\/div>\n\t\t\t\t<\/div>\n\t\t\t\t\t<\/div>\n\t\t\t\t<\/div>\n\t\t\t\t<\/div>\n\t\t","protected":false},"excerpt":{"rendered":"<p>Entregas en Portugal continental e Islas. Antes de enviar sus pedidos, consulte los T\u00e9rminos de servicio \u2013 Nacional. Aseg\u00farate de cumplir con todas las restricciones, evitando posibles problemas. Relaci\u00f3n peso\/volumen: Para Portugal continental y las islas, la relaci\u00f3n es de 250 kg\/m3. Dimensiones m\u00e1ximas: El l\u00edmite establecido es de 200 cm, para cualquier dimensi\u00f3n en [&hellip;]<\/p>\n","protected":false},"author":1,"featured_media":0,"parent":0,"menu_order":0,"comment_status":"closed","ping_status":"closed","template":"","meta":{"footnotes":""},"class_list":["post-11304","page","type-page","status-publish","hentry"],"yoast_head":"<!-- This site is optimized with the Yoast SEO Premium plugin v27.5 (Yoast SEO v27.5) - https:\/\/yoast.com\/product\/yoast-seo-premium-wordpress\/ -->\n<title>Condiciones del Servicio Nacional - Alfaloc FR<\/title>\n<meta name=\"description\" content=\"Consulta las condiciones del servicio Nacional de Alfaloc. Conocer los l\u00edmites de la carga que puede ser transportada en territorio nacional.\" \/>\n<meta name=\"robots\" content=\"index, follow, max-snippet:-1, max-image-preview:large, max-video-preview:-1\" \/>\n<link rel=\"canonical\" href=\"https:\/\/alfaloc.fr\/es\/condiciones-del-servicio-nacional\/\" \/>\n<meta property=\"og:locale\" content=\"es_ES\" \/>\n<meta property=\"og:type\" content=\"article\" \/>\n<meta property=\"og:title\" content=\"Condiciones del Servicio Nacional\" \/>\n<meta property=\"og:description\" content=\"Consulta las condiciones del servicio Nacional de Alfaloc. Conocer los l\u00edmites de la carga que puede ser transportada en territorio nacional.\" \/>\n<meta property=\"og:url\" content=\"https:\/\/alfaloc.fr\/es\/condiciones-del-servicio-nacional\/\" \/>\n<meta property=\"og:site_name\" content=\"Alfaloc FR\" \/>\n<meta property=\"article:modified_time\" content=\"2025-02-10T11:40:46+00:00\" \/>\n<meta property=\"og:image\" content=\"https:\/\/alfaloc.pt\/alfaloc-fr\/wp-content\/uploads\/sites\/3\/2024\/08\/nacional.png\" \/>\n<meta name=\"twitter:card\" content=\"summary_large_image\" \/>\n<meta name=\"twitter:label1\" content=\"Tiempo de lectura\" \/>\n\t<meta name=\"twitter:data1\" content=\"2 minutos\" \/>\n<script type=\"application\/ld+json\" class=\"yoast-schema-graph\">{\"@context\":\"https:\\\/\\\/schema.org\",\"@graph\":[{\"@type\":\"WebPage\",\"@id\":\"https:\\\/\\\/alfaloc.fr\\\/es\\\/condiciones-del-servicio-nacional\\\/\",\"url\":\"https:\\\/\\\/alfaloc.fr\\\/es\\\/condiciones-del-servicio-nacional\\\/\",\"name\":\"Condiciones del Servicio Nacional - Alfaloc FR\",\"isPartOf\":{\"@id\":\"https:\\\/\\\/alfaloc.fr\\\/es\\\/#website\"},\"primaryImageOfPage\":{\"@id\":\"https:\\\/\\\/alfaloc.fr\\\/es\\\/condiciones-del-servicio-nacional\\\/#primaryimage\"},\"image\":{\"@id\":\"https:\\\/\\\/alfaloc.fr\\\/es\\\/condiciones-del-servicio-nacional\\\/#primaryimage\"},\"thumbnailUrl\":\"https:\\\/\\\/alfaloc.pt\\\/alfaloc-fr\\\/wp-content\\\/uploads\\\/sites\\\/3\\\/2024\\\/08\\\/nacional.png\",\"datePublished\":\"2024-08-26T13:58:52+00:00\",\"dateModified\":\"2025-02-10T11:40:46+00:00\",\"description\":\"Consulta las condiciones del servicio Nacional de Alfaloc. Conocer los l\u00edmites de la carga que puede ser transportada en territorio nacional.\",\"breadcrumb\":{\"@id\":\"https:\\\/\\\/alfaloc.fr\\\/es\\\/condiciones-del-servicio-nacional\\\/#breadcrumb\"},\"inLanguage\":\"es\",\"potentialAction\":[{\"@type\":\"ReadAction\",\"target\":[\"https:\\\/\\\/alfaloc.fr\\\/es\\\/condiciones-del-servicio-nacional\\\/\"]}]},{\"@type\":\"ImageObject\",\"inLanguage\":\"es\",\"@id\":\"https:\\\/\\\/alfaloc.fr\\\/es\\\/condiciones-del-servicio-nacional\\\/#primaryimage\",\"url\":\"https:\\\/\\\/alfaloc.pt\\\/alfaloc-fr\\\/wp-content\\\/uploads\\\/sites\\\/3\\\/2024\\\/08\\\/nacional.png\",\"contentUrl\":\"https:\\\/\\\/alfaloc.pt\\\/alfaloc-fr\\\/wp-content\\\/uploads\\\/sites\\\/3\\\/2024\\\/08\\\/nacional.png\"},{\"@type\":\"BreadcrumbList\",\"@id\":\"https:\\\/\\\/alfaloc.fr\\\/es\\\/condiciones-del-servicio-nacional\\\/#breadcrumb\",\"itemListElement\":[{\"@type\":\"ListItem\",\"position\":1,\"name\":\"In\u00edcio\",\"item\":\"https:\\\/\\\/alfaloc.fr\\\/es\\\/\"},{\"@type\":\"ListItem\",\"position\":2,\"name\":\"Condiciones del Servicio Nacional\"}]},{\"@type\":\"WebSite\",\"@id\":\"https:\\\/\\\/alfaloc.fr\\\/es\\\/#website\",\"url\":\"https:\\\/\\\/alfaloc.fr\\\/es\\\/\",\"name\":\"Alfaloc FR\",\"description\":\"\",\"potentialAction\":[{\"@type\":\"SearchAction\",\"target\":{\"@type\":\"EntryPoint\",\"urlTemplate\":\"https:\\\/\\\/alfaloc.fr\\\/es\\\/?s={search_term_string}\"},\"query-input\":{\"@type\":\"PropertyValueSpecification\",\"valueRequired\":true,\"valueName\":\"search_term_string\"}}],\"inLanguage\":\"es\"}]}<\/script>\n<!-- \/ Yoast SEO Premium plugin. -->","yoast_head_json":{"title":"Condiciones del Servicio Nacional - Alfaloc FR","description":"Consulta las condiciones del servicio Nacional de Alfaloc. Conocer los l\u00edmites de la carga que puede ser transportada en territorio nacional.","robots":{"index":"index","follow":"follow","max-snippet":"max-snippet:-1","max-image-preview":"max-image-preview:large","max-video-preview":"max-video-preview:-1"},"canonical":"https:\/\/alfaloc.fr\/es\/condiciones-del-servicio-nacional\/","og_locale":"es_ES","og_type":"article","og_title":"Condiciones del Servicio Nacional","og_description":"Consulta las condiciones del servicio Nacional de Alfaloc. Conocer los l\u00edmites de la carga que puede ser transportada en territorio nacional.","og_url":"https:\/\/alfaloc.fr\/es\/condiciones-del-servicio-nacional\/","og_site_name":"Alfaloc FR","article_modified_time":"2025-02-10T11:40:46+00:00","og_image":[{"url":"https:\/\/alfaloc.pt\/alfaloc-fr\/wp-content\/uploads\/sites\/3\/2024\/08\/nacional.png","type":"","width":"","height":""}],"twitter_card":"summary_large_image","twitter_misc":{"Tiempo de lectura":"2 minutos"},"schema":{"@context":"https:\/\/schema.org","@graph":[{"@type":"WebPage","@id":"https:\/\/alfaloc.fr\/es\/condiciones-del-servicio-nacional\/","url":"https:\/\/alfaloc.fr\/es\/condiciones-del-servicio-nacional\/","name":"Condiciones del Servicio Nacional - Alfaloc FR","isPartOf":{"@id":"https:\/\/alfaloc.fr\/es\/#website"},"primaryImageOfPage":{"@id":"https:\/\/alfaloc.fr\/es\/condiciones-del-servicio-nacional\/#primaryimage"},"image":{"@id":"https:\/\/alfaloc.fr\/es\/condiciones-del-servicio-nacional\/#primaryimage"},"thumbnailUrl":"https:\/\/alfaloc.pt\/alfaloc-fr\/wp-content\/uploads\/sites\/3\/2024\/08\/nacional.png","datePublished":"2024-08-26T13:58:52+00:00","dateModified":"2025-02-10T11:40:46+00:00","description":"Consulta las condiciones del servicio Nacional de Alfaloc. Conocer los l\u00edmites de la carga que puede ser transportada en territorio nacional.","breadcrumb":{"@id":"https:\/\/alfaloc.fr\/es\/condiciones-del-servicio-nacional\/#breadcrumb"},"inLanguage":"es","potentialAction":[{"@type":"ReadAction","target":["https:\/\/alfaloc.fr\/es\/condiciones-del-servicio-nacional\/"]}]},{"@type":"ImageObject","inLanguage":"es","@id":"https:\/\/alfaloc.fr\/es\/condiciones-del-servicio-nacional\/#primaryimage","url":"https:\/\/alfaloc.pt\/alfaloc-fr\/wp-content\/uploads\/sites\/3\/2024\/08\/nacional.png","contentUrl":"https:\/\/alfaloc.pt\/alfaloc-fr\/wp-content\/uploads\/sites\/3\/2024\/08\/nacional.png"},{"@type":"BreadcrumbList","@id":"https:\/\/alfaloc.fr\/es\/condiciones-del-servicio-nacional\/#breadcrumb","itemListElement":[{"@type":"ListItem","position":1,"name":"In\u00edcio","item":"https:\/\/alfaloc.fr\/es\/"},{"@type":"ListItem","position":2,"name":"Condiciones del Servicio Nacional"}]},{"@type":"WebSite","@id":"https:\/\/alfaloc.fr\/es\/#website","url":"https:\/\/alfaloc.fr\/es\/","name":"Alfaloc FR","description":"","potentialAction":[{"@type":"SearchAction","target":{"@type":"EntryPoint","urlTemplate":"https:\/\/alfaloc.fr\/es\/?s={search_term_string}"},"query-input":{"@type":"PropertyValueSpecification","valueRequired":true,"valueName":"search_term_string"}}],"inLanguage":"es"}]}},"_links":{"self":[{"href":"https:\/\/alfaloc.fr\/es\/wp-json\/wp\/v2\/pages\/11304","targetHints":{"allow":["GET"]}}],"collection":[{"href":"https:\/\/alfaloc.fr\/es\/wp-json\/wp\/v2\/pages"}],"about":[{"href":"https:\/\/alfaloc.fr\/es\/wp-json\/wp\/v2\/types\/page"}],"author":[{"embeddable":true,"href":"https:\/\/alfaloc.fr\/es\/wp-json\/wp\/v2\/users\/1"}],"replies":[{"embeddable":true,"href":"https:\/\/alfaloc.fr\/es\/wp-json\/wp\/v2\/comments?post=11304"}],"version-history":[{"count":6,"href":"https:\/\/alfaloc.fr\/es\/wp-json\/wp\/v2\/pages\/11304\/revisions"}],"predecessor-version":[{"id":12205,"href":"https:\/\/alfaloc.fr\/es\/wp-json\/wp\/v2\/pages\/11304\/revisions\/12205"}],"wp:attachment":[{"href":"https:\/\/alfaloc.fr\/es\/wp-json\/wp\/v2\/media?parent=11304"}],"curies":[{"name":"wp","href":"https:\/\/api.w.org\/{rel}","templated":true}]}}